{"id":20,"date":"2023-06-26T12:35:40","date_gmt":"2023-06-26T12:35:40","guid":{"rendered":"https:\/\/javierfsebastian.es\/?page_id=20"},"modified":"2024-05-30T10:28:33","modified_gmt":"2024-05-30T10:28:33","slug":"publicaciones","status":"publish","type":"page","link":"https:\/\/javierfsebastian.es\/?page_id=20","title":{"rendered":"PUBLICACIONES"},"content":{"rendered":"\n<div class=\"wp-block-columns is-layout-flex wp-container-4\">\n<div class=\"wp-block-column is-layout-flow\"><\/div>\n\n\n\n<div class=\"wp-block-column is-layout-flow\">\n<figure class=\"wp-block-image size-full is-resized\"><img decoding=\"async\" loading=\"lazy\" src=\"https:\/\/javierfsebastian.es\/wp-content\/uploads\/2024\/04\/Key-Metaphors-for-History.-Mirrors-of-Time_small-cover-1.jpg\" alt=\"\" class=\"wp-image-423\" width=\"256\" height=\"386\" srcset=\"https:\/\/javierfsebastian.es\/wp-content\/uploads\/2024\/04\/Key-Metaphors-for-History.-Mirrors-of-Time_small-cover-1.jpg 350w, https:\/\/javierfsebastian.es\/wp-content\/uploads\/2024\/04\/Key-Metaphors-for-History.-Mirrors-of-Time_small-cover-1-199x300.jpg 199w\" sizes=\"(max-width: 256px) 100vw, 256px\" \/><\/figure>\n\n\n\n<p class=\"has-text-align-center\">Javier Fern\u00e1ndez Sebasti\u00e1n <em>Key Metaphors for History. Mirror of Time<\/em>. A la venta en abril de 2024. Puede encontrarse una descripci\u00f3n-resumen, el \u00edndice de contenidos, la Introducci\u00f3n y parte del cap\u00edtulo 1\u00ba en el siguiente <a rel=\"noreferrer noopener\" href=\"https:\/\/www.routledge.com\/Key-Metaphors-for-History-Concepts-and-Images-in-Time\/Fernndez-Sebastin\/p\/book\/9781138354463?gclid=CjwKCAiAmsurBhBvEiwA6e-WPEMHg5ub6TBWYfkpaXxyIjMjTB8tGK-NqjsFmFqeIaUQPb83ZR5bJBoCAUYQAvD_BwE\" target=\"_blank\">enlace.<\/a><\/p>\n\n\n\n<p class=\"has-text-align-center\"><a href=\"https:\/\/www.ehu.eus\/es\/-\/el-poder-de-las-metaforas\" data-type=\"URL\" data-id=\"https:\/\/www.ehu.eus\/es\/-\/el-poder-de-las-metaforas\" target=\"_blank\" rel=\"noreferrer noopener\">\u00abEl poder de las met\u00e1foras\u00bb<\/a> presentaci\u00f3n del libro en Campusa UPV\/EHU<\/p>\n<\/div>\n\n\n\n<div class=\"wp-block-column is-layout-flow\"><\/div>\n<\/div>\n\n\n\n<div class=\"wp-block-columns is-layout-flex wp-container-8\">\n<div class=\"wp-block-column is-layout-flow\">\n<figure class=\"wp-block-image size-large is-resized\"><img decoding=\"async\" loading=\"lazy\" src=\"https:\/\/javierfsebastian.es\/wp-content\/uploads\/2024\/04\/Captura-de-Pantalla-2024-04-11-a-las-13.29.47-1-692x1024.png\" alt=\"\" class=\"wp-image-424\" width=\"254\" height=\"375\" srcset=\"https:\/\/javierfsebastian.es\/wp-content\/uploads\/2024\/04\/Captura-de-Pantalla-2024-04-11-a-las-13.29.47-1-692x1024.png 692w, https:\/\/javierfsebastian.es\/wp-content\/uploads\/2024\/04\/Captura-de-Pantalla-2024-04-11-a-las-13.29.47-1-203x300.png 203w, https:\/\/javierfsebastian.es\/wp-content\/uploads\/2024\/04\/Captura-de-Pantalla-2024-04-11-a-las-13.29.47-1-768x1136.png 768w, https:\/\/javierfsebastian.es\/wp-content\/uploads\/2024\/04\/Captura-de-Pantalla-2024-04-11-a-las-13.29.47-1.png 980w\" sizes=\"(max-width: 254px) 100vw, 254px\" \/><\/figure>\n\n\n\n<p class=\"has-text-align-center\">Javier Fern\u00e1ndez-Sebasti\u00e1n, \u201cAn Unbroken Continuity? Constitutional Crises and Historical Imagination\u201d, in Xavier Gil, ed., <a rel=\"noreferrer noopener\" href=\"https:\/\/brill.com\/display\/title\/65098\" target=\"_blank\">Constitutional Moments. Founding Myths, Charters and Constitutions through History<\/a>, Leiden, Brill, 2024, pp. 469-490.<\/p>\n<\/div>\n\n\n\n<div class=\"wp-block-column is-layout-flow\">\n<figure class=\"wp-block-image size-full\"><img decoding=\"async\" loading=\"lazy\" width=\"429\" height=\"648\" src=\"https:\/\/javierfsebastian.es\/wp-content\/uploads\/2024\/04\/thumbnail_Cambridge20The20Age20of20Atlantic20Revolution.jpg\" alt=\"\" class=\"wp-image-425\" srcset=\"https:\/\/javierfsebastian.es\/wp-content\/uploads\/2024\/04\/thumbnail_Cambridge20The20Age20of20Atlantic20Revolution.jpg 429w, https:\/\/javierfsebastian.es\/wp-content\/uploads\/2024\/04\/thumbnail_Cambridge20The20Age20of20Atlantic20Revolution-199x300.jpg 199w\" sizes=\"(max-width: 429px) 100vw, 429px\" \/><\/figure>\n\n\n\n<p class=\"has-text-align-center\">Javier Fern\u00e1ndez-Sebasti\u00e1n, \u201cConcepts on the Move: Constitution, Citizenship, Federalism and Liberalism in the Hispanic Atlantic\u201d, en Wim Klooster, ed., <a href=\"https:\/\/www.cambridge.org\/es\/universitypress\/subjects\/history\/atlantic-history\/cambridge-history-age-atlantic-revolutions-volume-3?format=AR&amp;isbn=9781108612883\" data-type=\"URL\" data-id=\"https:\/\/www.cambridge.org\/es\/universitypress\/subjects\/history\/atlantic-history\/cambridge-history-age-atlantic-revolutions-volume-3?format=AR&amp;isbn=9781108612883\" target=\"_blank\" rel=\"noreferrer noopener\">Cambridge History of the Age of Atlantic Revolution, vol. 3. Africa and the Iberian Empires<\/a>, Cambridge, Cambridge University Press, 2023, pp. 325-350.<\/p>\n<\/div>\n\n\n\n<div class=\"wp-block-column is-layout-flow\">\n<figure class=\"wp-block-image size-large is-resized\"><img decoding=\"async\" loading=\"lazy\" src=\"https:\/\/javierfsebastian.es\/wp-content\/uploads\/2024\/04\/JFS.-Horizontes-edited-1.jpg\" alt=\"\" class=\"wp-image-428\" width=\"245\" height=\"392\" srcset=\"https:\/\/javierfsebastian.es\/wp-content\/uploads\/2024\/04\/JFS.-Horizontes-edited-1.jpg 1017w, https:\/\/javierfsebastian.es\/wp-content\/uploads\/2024\/04\/JFS.-Horizontes-edited-1-187x300.jpg 187w, https:\/\/javierfsebastian.es\/wp-content\/uploads\/2024\/04\/JFS.-Horizontes-edited-1-640x1024.jpg 640w, https:\/\/javierfsebastian.es\/wp-content\/uploads\/2024\/04\/JFS.-Horizontes-edited-1-768x1229.jpg 768w, https:\/\/javierfsebastian.es\/wp-content\/uploads\/2024\/04\/JFS.-Horizontes-edited-1-960x1536.jpg 960w\" sizes=\"(max-width: 245px) 100vw, 245px\" \/><\/figure>\n\n\n\n<p class=\"has-text-align-center\">Javier Fern\u00e1ndez-Sebasti\u00e1n, \u201cHorizonte,\u201d in Geschichtstheorie am Werk, 11\/07\/2023, <a href=\"https:\/\/gtw.hypotheses.org\/17036\" target=\"_blank\" rel=\"noreferrer noopener\">https:\/\/gtw.hypotheses.org\/17036<\/a>, (English version <a href=\"https:\/\/gtw.hypotheses.org\/15241\" target=\"_blank\" rel=\"noreferrer noopener\">https:\/\/gtw.hypotheses.org\/15241<\/a> (Access Date 22\/07\/2023). (Komposita \u2013 Koselleck 100: Theory of History at Work, en homenaje a R. Koselleck en el centenario de su nacimiento).<\/p>\n<\/div>\n<\/div>\n\n\n\n<div class=\"wp-block-columns is-layout-flex wp-container-12\">\n<div class=\"wp-block-column is-layout-flow\">\n<figure class=\"wp-block-image size-full\"><img decoding=\"async\" loading=\"lazy\" width=\"348\" height=\"550\" src=\"https:\/\/javierfsebastian.es\/wp-content\/uploads\/2024\/04\/thumbnail_Time-on-a-Human-Scale_cover.jpg\" alt=\"\" class=\"wp-image-429\" srcset=\"https:\/\/javierfsebastian.es\/wp-content\/uploads\/2024\/04\/thumbnail_Time-on-a-Human-Scale_cover.jpg 348w, https:\/\/javierfsebastian.es\/wp-content\/uploads\/2024\/04\/thumbnail_Time-on-a-Human-Scale_cover-190x300.jpg 190w\" sizes=\"(max-width: 348px) 100vw, 348px\" \/><\/figure>\n\n\n\n<p class=\"has-text-align-center\">Javier Fern\u00e1ndez-Sebasti\u00e1n and Gonzalo Capell\u00e1n, \u201cRevolution, Restoration, Regeneration. Historical Cycles and the Politics of Time in Spain 1870-1931\u201d, in <a href=\"https:\/\/global.oup.com\/academic\/product\/time-on-a-human-scale-9780197266977?cc=es&amp;lang=en&amp;#\" data-type=\"URL\" data-id=\"https:\/\/global.oup.com\/academic\/product\/time-on-a-human-scale-9780197266977?cc=es&amp;lang=en&amp;#\" target=\"_blank\" rel=\"noreferrer noopener\">Time on a Human Scale. Experiencing the Present in Europe, 1860-1930<\/a>, edited by Julian Wright and Allegra Fryxell, London, The British Academy \/ Oxford University Press, 2021 (Proceedings of the British Academy, 238), pp. 29-52.<\/p>\n<\/div>\n\n\n\n<div class=\"wp-block-column is-layout-flow\">\n<figure class=\"wp-block-image size-full is-resized\"><img decoding=\"async\" loading=\"lazy\" src=\"https:\/\/javierfsebastian.es\/wp-content\/uploads\/2024\/04\/thumbnail_Dibujar20discursos20construir20imaginarios.20.jpg\" alt=\"\" class=\"wp-image-430\" width=\"267\" height=\"370\" srcset=\"https:\/\/javierfsebastian.es\/wp-content\/uploads\/2024\/04\/thumbnail_Dibujar20discursos20construir20imaginarios.20.jpg 250w, https:\/\/javierfsebastian.es\/wp-content\/uploads\/2024\/04\/thumbnail_Dibujar20discursos20construir20imaginarios.20-217x300.jpg 217w\" sizes=\"(max-width: 267px) 100vw, 267px\" \/><\/figure>\n\n\n\n<p class=\"has-text-align-center\">Javier Fern\u00e1ndez Sebasti\u00e1n, \u201cLa constituci\u00f3n en efigie. Aventuras y desventuras del constitucionalismo\u201d, en <a href=\"https:\/\/www.editorial.unican.es\/libro\/dibujar-discursos-construir-imaginarios-prensa-y-caricatura-politica-en-espana-1836-1874-0\" data-type=\"URL\" data-id=\"https:\/\/www.editorial.unican.es\/libro\/dibujar-discursos-construir-imaginarios-prensa-y-caricatura-politica-en-espana-1836-1874-0\" target=\"_blank\" rel=\"noreferrer noopener\">Dibujar discursos, construir imaginarios. Prensa y caricatura pol\u00edtica en Espa\u00f1a <\/a>(1836-1874), Gonzalo Capell\u00e1n, ed., Santander, Ediciones Universidad de Cantabria, 2022, vol. I, pp. 587-625.<\/p>\n\n\n\n<p class=\"has-text-align-center\"><a href=\"https:\/\/www.youtube.com\/watch?v=tKlvTcHFOKg\" data-type=\"URL\" data-id=\"https:\/\/www.youtube.com\/watch?v=tKlvTcHFOKg\" target=\"_blank\" rel=\"noreferrer noopener\">Enlace<\/a> a la presentaci\u00f3n en YouTube del libro<\/p>\n<\/div>\n\n\n\n<div class=\"wp-block-column is-layout-flow\">\n<figure class=\"wp-block-image size-large\"><img decoding=\"async\" loading=\"lazy\" width=\"686\" height=\"1024\" src=\"https:\/\/javierfsebastian.es\/wp-content\/uploads\/2024\/02\/Capa-Cubierta-pequena-Historia-Conceitual-no-Atlantico-iberico-JFS-Hucitec-686x1024.png\" alt=\"\" class=\"wp-image-382\" srcset=\"https:\/\/javierfsebastian.es\/wp-content\/uploads\/2024\/02\/Capa-Cubierta-pequena-Historia-Conceitual-no-Atlantico-iberico-JFS-Hucitec-686x1024.png 686w, https:\/\/javierfsebastian.es\/wp-content\/uploads\/2024\/02\/Capa-Cubierta-pequena-Historia-Conceitual-no-Atlantico-iberico-JFS-Hucitec-201x300.png 201w, https:\/\/javierfsebastian.es\/wp-content\/uploads\/2024\/02\/Capa-Cubierta-pequena-Historia-Conceitual-no-Atlantico-iberico-JFS-Hucitec-768x1146.png 768w, https:\/\/javierfsebastian.es\/wp-content\/uploads\/2024\/02\/Capa-Cubierta-pequena-Historia-Conceitual-no-Atlantico-iberico-JFS-Hucitec.png 1004w\" sizes=\"(max-width: 686px) 100vw, 686px\" \/><\/figure>\n\n\n\n<p class=\"has-text-align-center\">Cubierta del libro <a href=\"https:\/\/lojahucitec.com.br\/produto\/historia-conceitual-no-atlantico-iberico-linguagens-tempos-revolucoes-javier-fernandez-sebastian\/\" data-type=\"URL\" data-id=\"https:\/\/lojahucitec.com.br\/produto\/historia-conceitual-no-atlantico-iberico-linguagens-tempos-revolucoes-javier-fernandez-sebastian\/\" target=\"_blank\" rel=\"noreferrer noopener\">Hist\u00f3rica conceitual no Atl\u00e2ntico ib\u00e9rico. Linguagens, tempos, revolu\u00e7\u00f5es<\/a>, traducci\u00f3n de Alessandra Gonzalez de Carvalho Seixlack y Priscila Sobrinho de Oliveira, revisi\u00f3n t\u00e9cnica de Maria Elisa Noronha de S\u00e1 (R\u00edo de Janeiro: Ed. PUC-Rio; S\u00e3o Paulo: Editora Hucitec, 2023)<\/p>\n<\/div>\n<\/div>\n\n\n\n<div class=\"wp-block-columns is-layout-flex wp-container-16\">\n<div class=\"wp-block-column is-layout-flow\">\n<figure class=\"wp-block-image size-full is-style-default\"><a href=\"https:\/\/www.marcialpons.es\/libros\/tiempos-de-la-historia-tiempos-del-derecho\/9788413810867\/\"><img decoding=\"async\" loading=\"lazy\" width=\"500\" height=\"725\" src=\"https:\/\/javierfsebastian.es\/wp-content\/uploads\/2023\/06\/imagen-19.jpg\" alt=\"\" class=\"wp-image-62\" srcset=\"https:\/\/javierfsebastian.es\/wp-content\/uploads\/2023\/06\/imagen-19.jpg 500w, https:\/\/javierfsebastian.es\/wp-content\/uploads\/2023\/06\/imagen-19-207x300.jpg 207w\" sizes=\"(max-width: 500px) 100vw, 500px\" \/><\/a><figcaption class=\"wp-element-caption\">Javier Fern\u00e1ndez Sebasti\u00e1n y Javier Tajadura, eds.,&nbsp;<em>Tiempos de la historia, tiempos del derecho<\/em>, Madrid: Marcial Pons, 2021, 235 pp. (ISBN: 978-84-13810-86-7).<\/figcaption><\/figure>\n<\/div>\n\n\n\n<div class=\"wp-block-column is-layout-flow\">\n<figure class=\"wp-block-image size-full is-resized is-style-default\"><a href=\"https:\/\/www.marcialpons.es\/libros\/metaforicas-espacio-temporales-para-la-historia\/9788418178801\/\"><img decoding=\"async\" loading=\"lazy\" src=\"https:\/\/javierfsebastian.es\/wp-content\/uploads\/2023\/06\/IMAGEN-18.png\" alt=\"\" class=\"wp-image-63\" width=\"238\" height=\"370\" srcset=\"https:\/\/javierfsebastian.es\/wp-content\/uploads\/2023\/06\/IMAGEN-18.png 568w, https:\/\/javierfsebastian.es\/wp-content\/uploads\/2023\/06\/IMAGEN-18-193x300.png 193w\" sizes=\"(max-width: 238px) 100vw, 238px\" \/><\/a><figcaption class=\"wp-element-caption\">Javier Fern\u00e1ndez Sebasti\u00e1n y Faustino Oncina, eds.,&nbsp;<em>Metaf\u00f3ricas espacio-temporales para la historia. Enfoques te\u00f3ricos e historiogr\u00e1ficos<\/em>, Valencia: Pre-Textos, 2021, 340 pp. (ISBN: 978-84-18178-80-1).<\/figcaption><\/figure>\n<\/div>\n\n\n\n<div class=\"wp-block-column is-layout-flow\">\n<figure class=\"wp-block-image size-full is-resized\"><a href=\"https:\/\/dialnet.unirioja.es\/servlet\/libro?codigo=852077\"><img decoding=\"async\" loading=\"lazy\" src=\"https:\/\/javierfsebastian.es\/wp-content\/uploads\/2023\/06\/imagen-7.jpg\" alt=\"\" class=\"wp-image-64\" width=\"263\" height=\"367\" srcset=\"https:\/\/javierfsebastian.es\/wp-content\/uploads\/2023\/06\/imagen-7.jpg 552w, https:\/\/javierfsebastian.es\/wp-content\/uploads\/2023\/06\/imagen-7-215x300.jpg 215w\" sizes=\"(max-width: 263px) 100vw, 263px\" \/><\/a><figcaption class=\"wp-element-caption\"><em>Historia conceptual en el Atl\u00e1ntico ib\u00e9rico. Lenguajes, tiempos, revoluciones<\/em>, Madrid: FCE, 2021, 571 pp. <br>(ISBN: 978-84-375-0812-2).<\/figcaption><\/figure>\n<\/div>\n<\/div>\n\n\n\n<div class=\"wp-block-columns is-layout-flex wp-container-20\">\n<div class=\"wp-block-column is-layout-flow\">\n<figure class=\"wp-block-image size-large\"><a href=\"https:\/\/dialnet.unirioja.es\/servlet\/articulo?codigo=7292640\"><img decoding=\"async\" loading=\"lazy\" width=\"685\" height=\"1024\" src=\"https:\/\/javierfsebastian.es\/wp-content\/uploads\/2023\/06\/imagen-8-685x1024.png\" alt=\"\" class=\"wp-image-65\" srcset=\"https:\/\/javierfsebastian.es\/wp-content\/uploads\/2023\/06\/imagen-8-685x1024.png 685w, https:\/\/javierfsebastian.es\/wp-content\/uploads\/2023\/06\/imagen-8-201x300.png 201w, https:\/\/javierfsebastian.es\/wp-content\/uploads\/2023\/06\/imagen-8-768x1148.png 768w, https:\/\/javierfsebastian.es\/wp-content\/uploads\/2023\/06\/imagen-8.png 816w\" sizes=\"(max-width: 685px) 100vw, 685px\" \/><\/a><figcaption class=\"wp-element-caption\">Michael Freeden, Javier Fern\u00e1ndez Sebasti\u00e1n y J\u00f6rn Leonhard, eds.,&nbsp;<em>In Search of European Liberalisms: Concepts, Languages, Ideologies<\/em>, New York-Oxford: Berghahn Books, 2019, vi + 346 pp<\/figcaption><\/figure>\n<\/div>\n\n\n\n<div class=\"wp-block-column is-layout-flow\">\n<figure class=\"wp-block-image size-large\"><img decoding=\"async\" loading=\"lazy\" width=\"678\" height=\"1024\" src=\"https:\/\/javierfsebastian.es\/wp-content\/uploads\/2023\/06\/imagen-9-678x1024.png\" alt=\"\" class=\"wp-image-66\" srcset=\"https:\/\/javierfsebastian.es\/wp-content\/uploads\/2023\/06\/imagen-9-678x1024.png 678w, https:\/\/javierfsebastian.es\/wp-content\/uploads\/2023\/06\/imagen-9-199x300.png 199w, https:\/\/javierfsebastian.es\/wp-content\/uploads\/2023\/06\/imagen-9-768x1160.png 768w, https:\/\/javierfsebastian.es\/wp-content\/uploads\/2023\/06\/imagen-9.png 812w\" sizes=\"(max-width: 678px) 100vw, 678px\" \/><figcaption class=\"wp-element-caption\">Willibald Steinmetz, Michael Freeden y Michael Freeden, eds.,&nbsp;<em>Conceptual History in the European Space<\/em>, Nueva York-Oxford,:Berghahn Books, 2017, viii + 324 pp.<\/figcaption><\/figure>\n<\/div>\n\n\n\n<div class=\"wp-block-column is-layout-flow\">\n<figure class=\"wp-block-image size-large is-resized\"><a href=\"https:\/\/www.todostuslibros.com\/libros\/la-subversion-del-orden-por-la-palabra-tiempo-espacio-e-identidad-en-la-crisis-del-mundo-iberico-siglos-xviii-xix_978-84-9082-168-8\"><img decoding=\"async\" loading=\"lazy\" src=\"https:\/\/javierfsebastian.es\/wp-content\/uploads\/2023\/06\/imagen-10-721x1024.png\" alt=\"\" class=\"wp-image-67\" width=\"271\" height=\"385\" srcset=\"https:\/\/javierfsebastian.es\/wp-content\/uploads\/2023\/06\/imagen-10-721x1024.png 721w, https:\/\/javierfsebastian.es\/wp-content\/uploads\/2023\/06\/imagen-10-211x300.png 211w, https:\/\/javierfsebastian.es\/wp-content\/uploads\/2023\/06\/imagen-10.png 732w\" sizes=\"(max-width: 271px) 100vw, 271px\" \/><\/a><figcaption class=\"wp-element-caption\">Willibald Steinmetz, Michael Freeden y Michael Freeden, eds.,&nbsp;<em>Conceptual History in the European Space<\/em>, Nueva York-Oxford,:Berghahn Books, 2017, viii + 324 pp.<\/figcaption><\/figure>\n<\/div>\n<\/div>\n\n\n\n<div class=\"wp-block-columns is-layout-flex wp-container-24\">\n<div class=\"wp-block-column is-layout-flow\">\n<figure class=\"wp-block-image size-full is-resized\"><a href=\"https:\/\/www.scielo.org.mx\/scielo.php?script=sci_arttext&amp;pid=S2448-65312015000300495\"><img decoding=\"async\" loading=\"lazy\" src=\"https:\/\/javierfsebastian.es\/wp-content\/uploads\/2023\/06\/imagen-11.png\" alt=\"\" class=\"wp-image-115\" width=\"240\" height=\"348\" srcset=\"https:\/\/javierfsebastian.es\/wp-content\/uploads\/2023\/06\/imagen-11.png 240w, https:\/\/javierfsebastian.es\/wp-content\/uploads\/2023\/06\/imagen-11-207x300.png 207w\" sizes=\"(max-width: 240px) 100vw, 240px\" \/><\/a><figcaption class=\"wp-element-caption\">Javier Fern\u00e1ndez Sebasti\u00e1n, dir.,&nbsp;<em>Diccionario pol\u00edtico y social del mundo iberoamericano. Conceptos pol\u00edticos fundamentales, 1770-1870<\/em>, tomo II, Madrid: Centro de Estudios Pol\u00edticos y Constitucionales \/ Universidad del Pa\u00eds Vasco, 2014, 10 vol\u00famenes.<\/figcaption><\/figure>\n<\/div>\n\n\n\n<div class=\"wp-block-column is-layout-flow\">\n<figure class=\"wp-block-image size-full is-resized\"><a href=\"https:\/\/dialnet.unirioja.es\/servlet\/libro?codigo=527290\"><img decoding=\"async\" loading=\"lazy\" src=\"https:\/\/javierfsebastian.es\/wp-content\/uploads\/2023\/06\/imagen-12.jpg\" alt=\"\" class=\"wp-image-116\" width=\"249\" height=\"346\" srcset=\"https:\/\/javierfsebastian.es\/wp-content\/uploads\/2023\/06\/imagen-12.jpg 249w, https:\/\/javierfsebastian.es\/wp-content\/uploads\/2023\/06\/imagen-12-216x300.jpg 216w\" sizes=\"(max-width: 249px) 100vw, 249px\" \/><\/a><figcaption class=\"wp-element-caption\">Javier Fern\u00e1ndez Sebasti\u00e1n y Gonzalo Capell\u00e1n, eds.,&nbsp;<em>Conceptos pol\u00edticos, tiempo e historia. Nuevos enfoques en historia conceptual<\/em>, Santander: McGraw Hill \u2013 Ediciones Universidad de Cantabria, 2013, xxxix + 497 pp.<\/figcaption><\/figure>\n<\/div>\n\n\n\n<div class=\"wp-block-column is-layout-flow\">\n<figure class=\"wp-block-image size-full is-resized\"><a href=\"https:\/\/dialnet.unirioja.es\/servlet\/libro?codigo=736434\"><img decoding=\"async\" loading=\"lazy\" src=\"https:\/\/javierfsebastian.es\/wp-content\/uploads\/2023\/06\/imagen-13.jpg\" alt=\"\" class=\"wp-image-117\" width=\"227\" height=\"346\" srcset=\"https:\/\/javierfsebastian.es\/wp-content\/uploads\/2023\/06\/imagen-13.jpg 327w, https:\/\/javierfsebastian.es\/wp-content\/uploads\/2023\/06\/imagen-13-196x300.jpg 196w\" sizes=\"(max-width: 227px) 100vw, 227px\" \/><\/a><figcaption class=\"wp-element-caption\">Javier Fern\u00e1ndez Sebasti\u00e1n, ed.,&nbsp;<em>La aurora de la libertad. Primeros liberalismos en el mundo iberoamericano<\/em>, Madrid: Marcial Pons Historia, 2012, 517 pp.<\/figcaption><\/figure>\n<\/div>\n<\/div>\n\n\n\n<div class=\"wp-block-columns is-layout-flex wp-container-28\">\n<div class=\"wp-block-column is-layout-flow\">\n<figure class=\"wp-block-image size-full\"><a href=\"https:\/\/www.scielo.org.mx\/scielo.php?script=sci_arttext&amp;pid=S1405-09272015000200013\"><img decoding=\"async\" loading=\"lazy\" width=\"351\" height=\"525\" src=\"https:\/\/javierfsebastian.es\/wp-content\/uploads\/2023\/06\/Captura-de-pantalla-2023-06-26-210220.png\" alt=\"\" class=\"wp-image-123\" srcset=\"https:\/\/javierfsebastian.es\/wp-content\/uploads\/2023\/06\/Captura-de-pantalla-2023-06-26-210220.png 351w, https:\/\/javierfsebastian.es\/wp-content\/uploads\/2023\/06\/Captura-de-pantalla-2023-06-26-210220-201x300.png 201w\" sizes=\"(max-width: 351px) 100vw, 351px\" \/><\/a><figcaption class=\"wp-element-caption\">Javier Fern\u00e1ndez Sebasti\u00e1n. \u00bfC\u00f3mo clasificamos a la gente?. Categor\u00edas sociales, clases e identidades anacr\u00f3nicas.&nbsp;<em>Historia y graf\u00eda<\/em>, (45), pp. 13-55.<\/figcaption><\/figure>\n<\/div>\n\n\n\n<div class=\"wp-block-column is-layout-flow\">\n<figure class=\"wp-block-image size-full\"><a href=\"https:\/\/recyt.fecyt.es\/index.php\/RevEsPol\/article\/view\/39539\"><img decoding=\"async\" loading=\"lazy\" width=\"316\" height=\"434\" src=\"https:\/\/javierfsebastian.es\/wp-content\/uploads\/2023\/06\/imagen-14.jpg\" alt=\"\" class=\"wp-image-118\" srcset=\"https:\/\/javierfsebastian.es\/wp-content\/uploads\/2023\/06\/imagen-14.jpg 316w, https:\/\/javierfsebastian.es\/wp-content\/uploads\/2023\/06\/imagen-14-218x300.jpg 218w\" sizes=\"(max-width: 316px) 100vw, 316px\" \/><\/a><figcaption class=\"wp-element-caption\">Javier Fern\u00e1ndez Sebasti\u00e1n, ed.,&nbsp;<em>Political Concepts and Time. New Approaches to Conceptual History<\/em>, Santander: McGraw Hill \u2013 Cantabria University Press, 2011, 442 pp.<\/figcaption><\/figure>\n<\/div>\n\n\n\n<div class=\"wp-block-column is-layout-flow\">\n<figure class=\"wp-block-image size-large is-resized\"><a href=\"https:\/\/www.researchgate.net\/publication\/340297176_Lenguaje_tiempo_y_modernidad_Ensayos_de_historia_conceptual\"><img decoding=\"async\" loading=\"lazy\" src=\"https:\/\/javierfsebastian.es\/wp-content\/uploads\/2023\/06\/imagen-15-686x1024.png\" alt=\"\" class=\"wp-image-119\" width=\"237\" height=\"353\" srcset=\"https:\/\/javierfsebastian.es\/wp-content\/uploads\/2023\/06\/imagen-15-686x1024.png 686w, https:\/\/javierfsebastian.es\/wp-content\/uploads\/2023\/06\/imagen-15-201x300.png 201w, https:\/\/javierfsebastian.es\/wp-content\/uploads\/2023\/06\/imagen-15-768x1147.png 768w, https:\/\/javierfsebastian.es\/wp-content\/uploads\/2023\/06\/imagen-15.png 850w\" sizes=\"(max-width: 237px) 100vw, 237px\" \/><\/a><figcaption class=\"wp-element-caption\">Javier Fern\u00e1ndez Sebasti\u00e1n y Gonzalo. Capell\u00e1n, eds.,&nbsp;<em>Lenguaje, tiempo y modernidad. Ensayos de historia conceptual<\/em>, Santiago de Chile: Globo Editores, 2011, 245 pp.<\/figcaption><\/figure>\n<\/div>\n<\/div>\n","protected":false},"excerpt":{"rendered":"<p>Javier Fern\u00e1ndez Sebasti\u00e1n Key Metaphors for History. Mirror of Time. A la venta en abril de 2024. Puede encontrarse una descripci\u00f3n-resumen, el \u00edndice de contenidos, la Introducci\u00f3n y parte del&#8230;<\/p>\n","protected":false},"author":1,"featured_media":0,"parent":0,"menu_order":0,"comment_status":"closed","ping_status":"closed","template":"","meta":[],"_links":{"self":[{"href":"https:\/\/javierfsebastian.es\/index.php?rest_route=\/wp\/v2\/pages\/20"}],"collection":[{"href":"https:\/\/javierfsebastian.es\/index.php?rest_route=\/wp\/v2\/pages"}],"about":[{"href":"https:\/\/javierfsebastian.es\/index.php?rest_route=\/wp\/v2\/types\/page"}],"author":[{"embeddable":true,"href":"https:\/\/javierfsebastian.es\/index.php?rest_route=\/wp\/v2\/users\/1"}],"replies":[{"embeddable":true,"href":"https:\/\/javierfsebastian.es\/index.php?rest_route=%2Fwp%2Fv2%2Fcomments&post=20"}],"version-history":[{"count":10,"href":"https:\/\/javierfsebastian.es\/index.php?rest_route=\/wp\/v2\/pages\/20\/revisions"}],"predecessor-version":[{"id":494,"href":"https:\/\/javierfsebastian.es\/index.php?rest_route=\/wp\/v2\/pages\/20\/revisions\/494"}],"wp:attachment":[{"href":"https:\/\/javierfsebastian.es\/index.php?rest_route=%2Fwp%2Fv2%2Fmedia&parent=20"}],"curies":[{"name":"wp","href":"https:\/\/api.w.org\/{rel}","templated":true}]}}