{"id":34,"date":"2023-06-26T12:36:09","date_gmt":"2023-06-26T12:36:09","guid":{"rendered":"https:\/\/javierfsebastian.es\/?page_id=34"},"modified":"2025-01-19T12:00:14","modified_gmt":"2025-01-19T12:00:14","slug":"conferencias","status":"publish","type":"page","link":"https:\/\/javierfsebastian.es\/?page_id=34","title":{"rendered":"CONFERENCIAS"},"content":{"rendered":"\n<p class=\"has-text-align-center\"><strong>HOMENAJE A LA OBRA DEL PROFESOR JAVIER FERN\u00c1NDEZ SEBASTI\u00c1N EN NUEVA YORK<\/strong><\/p>\n\n\n\n<div class=\"wp-block-columns is-layout-flex wp-container-6\">\n<div class=\"wp-block-column is-layout-flow\">\n<div class=\"wp-block-group is-vertical is-layout-flex wp-container-2\">\n<figure class=\"wp-block-image size-large\"><img decoding=\"async\" loading=\"lazy\" width=\"1024\" height=\"576\" src=\"https:\/\/javierfsebastian.es\/wp-content\/uploads\/2025\/01\/JFS_foto-de-grupo_AHA_NYC_5-1-25-3-1-1024x576.jpg\" alt=\"\" class=\"wp-image-456\" srcset=\"https:\/\/javierfsebastian.es\/wp-content\/uploads\/2025\/01\/JFS_foto-de-grupo_AHA_NYC_5-1-25-3-1-1024x576.jpg 1024w, https:\/\/javierfsebastian.es\/wp-content\/uploads\/2025\/01\/JFS_foto-de-grupo_AHA_NYC_5-1-25-3-1-300x169.jpg 300w, https:\/\/javierfsebastian.es\/wp-content\/uploads\/2025\/01\/JFS_foto-de-grupo_AHA_NYC_5-1-25-3-1-768x432.jpg 768w, https:\/\/javierfsebastian.es\/wp-content\/uploads\/2025\/01\/JFS_foto-de-grupo_AHA_NYC_5-1-25-3-1-1536x864.jpg 1536w, https:\/\/javierfsebastian.es\/wp-content\/uploads\/2025\/01\/JFS_foto-de-grupo_AHA_NYC_5-1-25-3-1-2048x1153.jpg 2048w, https:\/\/javierfsebastian.es\/wp-content\/uploads\/2025\/01\/JFS_foto-de-grupo_AHA_NYC_5-1-25-3-1-800x450.jpg 800w\" sizes=\"(max-width: 1024px) 100vw, 1024px\" \/><\/figure>\n\n\n\n<div class=\"wp-block-group is-vertical is-layout-flex wp-container-1\">\n<figure class=\"wp-block-image size-large\"><img decoding=\"async\" loading=\"lazy\" width=\"1024\" height=\"576\" src=\"https:\/\/javierfsebastian.es\/wp-content\/uploads\/2025\/01\/JFS_AHA_NYC_5-1-25_mesa-1-1024x576.jpg\" alt=\"\" class=\"wp-image-458\" srcset=\"https:\/\/javierfsebastian.es\/wp-content\/uploads\/2025\/01\/JFS_AHA_NYC_5-1-25_mesa-1-1024x576.jpg 1024w, https:\/\/javierfsebastian.es\/wp-content\/uploads\/2025\/01\/JFS_AHA_NYC_5-1-25_mesa-1-300x169.jpg 300w, https:\/\/javierfsebastian.es\/wp-content\/uploads\/2025\/01\/JFS_AHA_NYC_5-1-25_mesa-1-768x432.jpg 768w, https:\/\/javierfsebastian.es\/wp-content\/uploads\/2025\/01\/JFS_AHA_NYC_5-1-25_mesa-1-1536x864.jpg 1536w, https:\/\/javierfsebastian.es\/wp-content\/uploads\/2025\/01\/JFS_AHA_NYC_5-1-25_mesa-1-2048x1153.jpg 2048w, https:\/\/javierfsebastian.es\/wp-content\/uploads\/2025\/01\/JFS_AHA_NYC_5-1-25_mesa-1-800x450.jpg 800w\" sizes=\"(max-width: 1024px) 100vw, 1024px\" \/><\/figure>\n\n\n\n<figure class=\"wp-block-image size-large\"><img decoding=\"async\" loading=\"lazy\" width=\"1024\" height=\"660\" src=\"https:\/\/javierfsebastian.es\/wp-content\/uploads\/2025\/01\/Martin_Marcos-y-JFS-NYC-AHA-enero-25-1-1024x660.png\" alt=\"\" class=\"wp-image-459\" srcset=\"https:\/\/javierfsebastian.es\/wp-content\/uploads\/2025\/01\/Martin_Marcos-y-JFS-NYC-AHA-enero-25-1-1024x660.png 1024w, https:\/\/javierfsebastian.es\/wp-content\/uploads\/2025\/01\/Martin_Marcos-y-JFS-NYC-AHA-enero-25-1-300x193.png 300w, https:\/\/javierfsebastian.es\/wp-content\/uploads\/2025\/01\/Martin_Marcos-y-JFS-NYC-AHA-enero-25-1-768x495.png 768w, https:\/\/javierfsebastian.es\/wp-content\/uploads\/2025\/01\/Martin_Marcos-y-JFS-NYC-AHA-enero-25-1-1536x989.png 1536w, https:\/\/javierfsebastian.es\/wp-content\/uploads\/2025\/01\/Martin_Marcos-y-JFS-NYC-AHA-enero-25-1-2048x1319.png 2048w\" sizes=\"(max-width: 1024px) 100vw, 1024px\" \/><\/figure>\n<\/div>\n<\/div>\n<\/div>\n\n\n\n<div class=\"wp-block-column is-layout-flow\">\n<p>El d\u00eda&nbsp;5 de enero de 2025&nbsp;tuvo lugar en el Hotel Hilton, de Nueva York, la sesi\u00f3n de homenaje a su obra como historiador y como fundador de la red internacional de historiadores \u201cIberconceptos\u201d. <\/p>\n\n\n\n<p>La mesa redonda, organizada por el profesor Gabriel Paquette (Universidad de Maine) y por el Dr. Marcos Reguera (UPV\/EHU), se celebr\u00f3 en el contexto de la reuni\u00f3n de la AHA de este a\u00f1o.&nbsp;<\/p>\n\n\n\n<p>Adem\u00e1s de los mencionados Drs. Paquette y Reguera, participaron el acto los profesores Noem\u00ed Goldman (de la Universidad de Buenos Aires), Francisco Ortega (de la Universidad Nacional de Colombia) y Martin Burke (del Graduate Center de la CUNY).<\/p>\n\n\n\n<div class=\"wp-block-buttons is-content-justification-center is-layout-flex wp-container-4\">\n<div class=\"wp-block-button\"><a class=\"wp-block-button__link wp-element-button\" href=\"https:\/\/www.ehu.eus\/es\/web\/campusa\/-\/homenaje-catedratico-upv-ehu-javier-fernandez-san-sebastian-nueva-york\" target=\"_blank\" rel=\"noreferrer noopener\">Enlace a la web de la UPV\/EHU<\/a><\/div>\n<\/div>\n<\/div>\n<\/div>\n\n\n\n<p class=\"has-text-align-center has-white-color has-cyan-bluish-gray-background-color has-text-color has-background\">&nbsp;\u201cConcepts, Metaphors, and Time in Ibero-Atlantic History: Javier Fern\u00e1ndez Sebasti\u00e1n and the Iberconceptos Research Network\u201d<\/p>\n\n\n<div class=\"wp-block-image\">\n<figure class=\"aligncenter size-large is-resized\"><img decoding=\"async\" loading=\"lazy\" src=\"https:\/\/javierfsebastian.es\/wp-content\/uploads\/2024\/11\/Caratula-Annual-Meeting-AHA-36-I-25-1024x409.png\" alt=\"\" class=\"wp-image-447\" width=\"250\" height=\"99\" srcset=\"https:\/\/javierfsebastian.es\/wp-content\/uploads\/2024\/11\/Caratula-Annual-Meeting-AHA-36-I-25-1024x409.png 1024w, https:\/\/javierfsebastian.es\/wp-content\/uploads\/2024\/11\/Caratula-Annual-Meeting-AHA-36-I-25-300x120.png 300w, https:\/\/javierfsebastian.es\/wp-content\/uploads\/2024\/11\/Caratula-Annual-Meeting-AHA-36-I-25-768x307.png 768w, https:\/\/javierfsebastian.es\/wp-content\/uploads\/2024\/11\/Caratula-Annual-Meeting-AHA-36-I-25-1536x613.png 1536w, https:\/\/javierfsebastian.es\/wp-content\/uploads\/2024\/11\/Caratula-Annual-Meeting-AHA-36-I-25-2048x818.png 2048w\" sizes=\"(max-width: 250px) 100vw, 250px\" \/><\/figure><\/div>\n\n<div class=\"wp-block-image\">\n<figure class=\"aligncenter size-large is-resized\"><img decoding=\"async\" loading=\"lazy\" src=\"https:\/\/javierfsebastian.es\/wp-content\/uploads\/2024\/11\/Panel-homenaje-JFS-AHA-NYC-5-I-25-1024x856.png\" alt=\"\" class=\"wp-image-448\" width=\"356\" height=\"297\" srcset=\"https:\/\/javierfsebastian.es\/wp-content\/uploads\/2024\/11\/Panel-homenaje-JFS-AHA-NYC-5-I-25-1024x856.png 1024w, https:\/\/javierfsebastian.es\/wp-content\/uploads\/2024\/11\/Panel-homenaje-JFS-AHA-NYC-5-I-25-300x251.png 300w, https:\/\/javierfsebastian.es\/wp-content\/uploads\/2024\/11\/Panel-homenaje-JFS-AHA-NYC-5-I-25-768x642.png 768w, https:\/\/javierfsebastian.es\/wp-content\/uploads\/2024\/11\/Panel-homenaje-JFS-AHA-NYC-5-I-25.png 1414w\" sizes=\"(max-width: 356px) 100vw, 356px\" \/><\/figure><\/div>\n\n\n<p>En el contexto de la 138 edici\u00f3n de la Reuni\u00f3n Anual de la AHA (<strong>American Historical Association<\/strong>) que tendr\u00e1 lugar a primeros del a\u00f1o pr\u00f3ximo en la ciudad de&nbsp;<strong>Nueva York<\/strong>, algunos colegas han organizado un homenaje a la obra de Javier Fern\u00e1ndez Sebasti\u00e1n como historiador.&nbsp;<\/p>\n\n\n\n<p>El acto, titulado \u201c<strong>Concepts, Metaphors, and Time in Ibero-Atlantic History: Javier Fern\u00e1ndez Sebasti\u00e1n and the Iberconceptos Research Network<\/strong>\u201d, se celebrar\u00e1 en el Hotel New York Hilton, el domingo 5 de enero de 2025 a las 8:30 am., y estar\u00e1 presidido por el profesor Gabriel Paquette (University of Maine).<\/p>\n\n\n\n<p>Adem\u00e1s, tomar\u00e1n parte en \u00e9l los siguientes acad\u00e9micos:<\/p>\n\n\n\n<ul>\n<li>Martin Burke (Graduate Center, City University of New York)<\/li>\n\n\n\n<li>Javier Fern\u00e1ndez Sebasti\u00e1n (UPV\/EHU)<\/li>\n\n\n\n<li>Noem\u00ed Goldman (University of Buenos Aires and National Council of Scientific and Technical Research)<\/li>\n\n\n\n<li>Francisco A. Ortega (National University of Colombia)<\/li>\n\n\n\n<li>Marcos Reguera (UPV\/EHU)<\/li>\n<\/ul>\n\n\n\n<p class=\"has-text-align-center has-white-color has-cyan-bluish-gray-background-color has-text-color has-background\">\u201cSynchronizing History. The Transplantation of European Ideas in the Americas &#8211; University of Palermo<\/p>\n\n\n\n<p>18 a 21 de septiembre de 2024<\/p>\n\n\n\n<div class=\"wp-block-buttons is-content-justification-center is-layout-flex wp-container-7\">\n<div class=\"wp-block-button\"><a class=\"wp-block-button__link wp-element-button\" href=\"https:\/\/sites.google.com\/view\/synchronizinghistory2024?fbclid=IwY2xjawFVNCpleHRuA2FlbQIxMAABHSMbjJbY2LAyE648lkwvXr5uCdAbhaD1McJKAD231JtKlf-C0x4gm9Uwcw_aem_oTqdqdxVuEZqWNh_Ho5AqA\" target=\"_blank\" rel=\"noreferrer noopener\">Enlace al evento<\/a><\/div>\n<\/div>\n\n\n\n<p class=\"has-text-align-center has-white-color has-cyan-bluish-gray-background-color has-text-color has-background\">Modernit\u00e9s R\u00e9publicaines: Colloque International &#8211; Paris<\/p>\n\n\n\n<p>24 a 26 de noviembre de 2016<\/p>\n\n\n\n<div class=\"wp-block-file\"><object class=\"wp-block-file__embed\" data=\"https:\/\/javierfsebastian.es\/wp-content\/uploads\/2023\/06\/Programme-du-colloque-Modernites-republicaines-Paris-nov-2016-copia1.pdf\" type=\"application\/pdf\" style=\"width:100%;height:600px\" aria-label=\"Incrustado de Programme-du-colloque-Modernites-republicaines-Paris-nov-2016-copia1.\"><\/object><a id=\"wp-block-file--media-9e665658-7f25-4cec-8b30-db220dabfc28\" href=\"https:\/\/javierfsebastian.es\/wp-content\/uploads\/2023\/06\/Programme-du-colloque-Modernites-republicaines-Paris-nov-2016-copia1.pdf\">Programme-du-colloque-Modernites-republicaines-Paris-nov-2016-copia1<\/a><a href=\"https:\/\/javierfsebastian.es\/wp-content\/uploads\/2023\/06\/Programme-du-colloque-Modernites-republicaines-Paris-nov-2016-copia1.pdf\" class=\"wp-block-file__button wp-element-button\" download aria-describedby=\"wp-block-file--media-9e665658-7f25-4cec-8b30-db220dabfc28\">Descarga<\/a><\/div>\n\n\n\n<p class=\"has-text-align-center has-white-color has-cyan-bluish-gray-background-color has-text-color has-background\">The 19th International Conference on Conceptual History<\/p>\n\n\n\n<p>Conferencia del profesor Javier Fern\u00e1dez Sebasti\u00e1n durante el congreso:<\/p>\n\n\n\n<p>Crucial Times: Crisis as a Solution of Continuity<\/p>\n\n\n\n<p>Aarhus Institute of Advanced Studies<\/p>\n\n\n\n<p>Friday 16 September 2016.<\/p>\n\n\n\n<p>13:45 \u2014 15:15<\/p>\n\n\n\n<p><a href=\"https:\/\/web.archive.org\/web\/20220929074738\/http:\/\/aias.au.dk\/events\/show\/artikel\/aias-guest-lecture-javier-fernandez-sebastian-university-of-the-basque-country-bilbao-spain\/\">http:\/\/aias.au.dk\/events\/show\/artikel\/aias-guest-lecture-javier-fernandez-sebastian-university-of-the-basque-country-bilbao-spain\/<\/a><\/p>\n\n\n\n<div class=\"wp-block-file\"><object class=\"wp-block-file__embed\" data=\"https:\/\/javierfsebastian.es\/wp-content\/uploads\/2023\/06\/19-Conceptual_History_Conference-Aarhus-program.pdf\" type=\"application\/pdf\" style=\"width:100%;height:600px\" aria-label=\"Incrustado de 19-Conceptual_History_Conference-Aarhus-program.\"><\/object><a id=\"wp-block-file--media-ff631bf5-7db4-4221-922c-418d5ecee2cc\" href=\"https:\/\/javierfsebastian.es\/wp-content\/uploads\/2023\/06\/19-Conceptual_History_Conference-Aarhus-program.pdf\" target=\"_blank\" rel=\"noreferrer noopener\">19-Conceptual_History_Conference-Aarhus-program<\/a><a href=\"https:\/\/javierfsebastian.es\/wp-content\/uploads\/2023\/06\/19-Conceptual_History_Conference-Aarhus-program.pdf\" class=\"wp-block-file__button wp-element-button\" download aria-describedby=\"wp-block-file--media-ff631bf5-7db4-4221-922c-418d5ecee2cc\">Descarga<\/a><\/div>\n\n\n\n<p class=\"has-text-align-center has-white-color has-cyan-bluish-gray-background-color has-text-color has-background\">\u201cCategor\u00edas, clases e identidades en el tiempo: Una cr\u00edtica del cronocentrismo moderno\u201d y \u201cUn mundo en devenir: El descubrimiento del futuro en el mundo hisp\u00e1nico\u201d<\/p>\n\n\n\n<p class=\"has-black-color has-text-color\">\u201cInstituto de Investigaciones Hist\u00f3ricas\u201d (UNAM)<br>6 y 7 de Abril de 2015<\/p>\n\n\n\n<figure class=\"wp-block-image size-full\"><img decoding=\"async\" loading=\"lazy\" width=\"962\" height=\"584\" src=\"https:\/\/javierfsebastian.es\/wp-content\/uploads\/2023\/06\/Captura-de-pantalla-2023-06-27-025853.png\" alt=\"\" class=\"wp-image-337\" srcset=\"https:\/\/javierfsebastian.es\/wp-content\/uploads\/2023\/06\/Captura-de-pantalla-2023-06-27-025853.png 962w, https:\/\/javierfsebastian.es\/wp-content\/uploads\/2023\/06\/Captura-de-pantalla-2023-06-27-025853-300x182.png 300w, https:\/\/javierfsebastian.es\/wp-content\/uploads\/2023\/06\/Captura-de-pantalla-2023-06-27-025853-768x466.png 768w\" sizes=\"(max-width: 962px) 100vw, 962px\" \/><\/figure>\n\n\n\n<p class=\"has-text-align-center has-white-color has-cyan-bluish-gray-background-color has-text-color has-background\">\u201cVocabularies of Modern Politics in the Iberian Atlantic\u201d<\/p>\n\n\n\n<p>\u201cThe Center for Ideas and Society and the Department of Political Science\u201d <\/p>\n\n\n\n<p>UC Riverside en California 2 de Abril de 2015<\/p>\n\n\n\n<div class=\"wp-block-file\"><object class=\"wp-block-file__embed\" data=\"https:\/\/javierfsebastian.es\/wp-content\/uploads\/2023\/06\/Cartel_Riverside_The-2015-John-Stanley-Memorial-Colloquium-copia.pdf\" type=\"application\/pdf\" style=\"width:100%;height:200px\" aria-label=\"Incrustado de Cartel_Riverside_The-2015-John-Stanley-Memorial-Colloquium-copia.\"><\/object><a id=\"wp-block-file--media-49e2f0d0-a339-42f8-b57c-7a051eb71f7f\" href=\"https:\/\/javierfsebastian.es\/wp-content\/uploads\/2023\/06\/Cartel_Riverside_The-2015-John-Stanley-Memorial-Colloquium-copia.pdf\">Cartel_Riverside_The-2015-John-Stanley-Memorial-Colloquium-copia<\/a><a href=\"https:\/\/javierfsebastian.es\/wp-content\/uploads\/2023\/06\/Cartel_Riverside_The-2015-John-Stanley-Memorial-Colloquium-copia.pdf\" class=\"wp-block-file__button wp-element-button\" download aria-describedby=\"wp-block-file--media-49e2f0d0-a339-42f8-b57c-7a051eb71f7f\">Descarga<\/a><\/div>\n\n\n\n<p class=\"has-white-color has-cyan-bluish-gray-background-color has-text-color has-background\" style=\"font-size:18px\">\u201cTranslating Political Vocabulary in the Iberian Atlantic. Historical Semantics and Conceptual Transfers \u201d<\/p>\n\n\n\n<p><strong>Max-Plank-Institut f\u00fcr Europ\u00e4ische Rechtsgeschichte, Goethe Universit\u00e4t, Frankfurt am Maine (Alemania)<br>FECHA: <\/strong>20 de enero de 2015<br>M\u00e1s informaci\u00f3n <a rel=\"noreferrer noopener\" href=\"http:\/\/www.normativeorders.net\/de\/veranstaltungen\/frankfurt-lectures\/38-veranstaltungen\/ringvorlesungen\/3250-translating-political-vocabularies-in-the-iberian-atlantic-historical-semantics-and-conceptual-transfers\" target=\"_blank\">aqu\u00ed.<\/a> <\/p>\n\n\n<div class=\"wp-block-image\">\n<figure class=\"aligncenter size-full\"><img decoding=\"async\" loading=\"lazy\" width=\"440\" height=\"293\" src=\"https:\/\/javierfsebastian.es\/wp-content\/uploads\/2023\/06\/01_2015_01_20_RV_Sebastian-copia.jpg\" alt=\"\" class=\"wp-image-335\" srcset=\"https:\/\/javierfsebastian.es\/wp-content\/uploads\/2023\/06\/01_2015_01_20_RV_Sebastian-copia.jpg 440w, https:\/\/javierfsebastian.es\/wp-content\/uploads\/2023\/06\/01_2015_01_20_RV_Sebastian-copia-300x200.jpg 300w\" sizes=\"(max-width: 440px) 100vw, 440px\" \/><\/figure><\/div>\n\n\n<hr class=\"wp-block-separator has-alpha-channel-opacity is-style-wide\"\/>\n\n\n\n<p class=\"has-text-align-center has-white-color has-cyan-bluish-gray-background-color has-text-color has-background\" style=\"font-size:18px\"><strong>Categor\u00edas Sociales y Anacronismo: una Mirada desde la Historia Conceptual<\/strong><\/p>\n\n\n\n<p class=\"has-black-color has-text-color\">Enmarcado dentro del Programa de las Ideas Pol\u00edticas en Chile de la Facultad de Ciencias Sociales e Historia de la UDP (Chile)<br>Universidad Diego Portales (Santiago de Chile), el 19 de noviembre de 2014<\/p>\n\n\n\n<figure class=\"wp-block-image size-large\"><img decoding=\"async\" loading=\"lazy\" width=\"1024\" height=\"668\" src=\"https:\/\/javierfsebastian.es\/wp-content\/uploads\/2023\/06\/Cartel-Conversatorio-Javier-Fernandez-Sebastian-UDP-2014-copia-2-1024x668.jpg\" alt=\"\" class=\"wp-image-333\" srcset=\"https:\/\/javierfsebastian.es\/wp-content\/uploads\/2023\/06\/Cartel-Conversatorio-Javier-Fernandez-Sebastian-UDP-2014-copia-2-1024x668.jpg 1024w, https:\/\/javierfsebastian.es\/wp-content\/uploads\/2023\/06\/Cartel-Conversatorio-Javier-Fernandez-Sebastian-UDP-2014-copia-2-300x196.jpg 300w, https:\/\/javierfsebastian.es\/wp-content\/uploads\/2023\/06\/Cartel-Conversatorio-Javier-Fernandez-Sebastian-UDP-2014-copia-2-768x501.jpg 768w, https:\/\/javierfsebastian.es\/wp-content\/uploads\/2023\/06\/Cartel-Conversatorio-Javier-Fernandez-Sebastian-UDP-2014-copia-2-1536x1002.jpg 1536w, https:\/\/javierfsebastian.es\/wp-content\/uploads\/2023\/06\/Cartel-Conversatorio-Javier-Fernandez-Sebastian-UDP-2014-copia-2-2048x1335.jpg 2048w\" sizes=\"(max-width: 1024px) 100vw, 1024px\" \/><\/figure>\n\n\n\n<hr class=\"wp-block-separator has-alpha-channel-opacity is-style-wide\"\/>\n\n\n\n<p class=\"has-text-align-center has-white-color has-cyan-bluish-gray-background-color has-text-color has-background\" style=\"font-size:18px\"><strong>El Desencanto de la Modernidad: Conciencia Hist\u00f3rica e Historia Conceptual<\/strong><br><strong>Presentaci\u00f3n del Diccionario Pol\u00edtico y Social del Mundo Iberoamericano (tomo II)<\/strong><\/p>\n\n\n\n<p><strong>Comenta:<\/strong> Joaqu\u00edn Fermandois<br>Instituto de la Historia, Universidad Pontificia de Chile (Santiago de Chile), noviembre 2014<\/p>\n\n\n\n<figure class=\"wp-block-image size-large\"><img decoding=\"async\" loading=\"lazy\" width=\"1024\" height=\"843\" src=\"https:\/\/javierfsebastian.es\/wp-content\/uploads\/2023\/06\/El-desencanto-1-1024x843.jpg\" alt=\"\" class=\"wp-image-334\" srcset=\"https:\/\/javierfsebastian.es\/wp-content\/uploads\/2023\/06\/El-desencanto-1-1024x843.jpg 1024w, https:\/\/javierfsebastian.es\/wp-content\/uploads\/2023\/06\/El-desencanto-1-300x247.jpg 300w, https:\/\/javierfsebastian.es\/wp-content\/uploads\/2023\/06\/El-desencanto-1-768x633.jpg 768w, https:\/\/javierfsebastian.es\/wp-content\/uploads\/2023\/06\/El-desencanto-1-1536x1265.jpg 1536w, https:\/\/javierfsebastian.es\/wp-content\/uploads\/2023\/06\/El-desencanto-1.jpg 1838w\" sizes=\"(max-width: 1024px) 100vw, 1024px\" \/><\/figure>\n","protected":false},"excerpt":{"rendered":"<p>HOMENAJE A LA OBRA DEL PROFESOR JAVIER FERN\u00c1NDEZ SEBASTI\u00c1N EN NUEVA YORK El d\u00eda&nbsp;5 de enero de 2025&nbsp;tuvo lugar en el Hotel Hilton, de Nueva York, la sesi\u00f3n de homenaje&#8230;<\/p>\n","protected":false},"author":1,"featured_media":0,"parent":0,"menu_order":0,"comment_status":"closed","ping_status":"closed","template":"","meta":[],"_links":{"self":[{"href":"https:\/\/javierfsebastian.es\/index.php?rest_route=\/wp\/v2\/pages\/34"}],"collection":[{"href":"https:\/\/javierfsebastian.es\/index.php?rest_route=\/wp\/v2\/pages"}],"about":[{"href":"https:\/\/javierfsebastian.es\/index.php?rest_route=\/wp\/v2\/types\/page"}],"author":[{"embeddable":true,"href":"https:\/\/javierfsebastian.es\/index.php?rest_route=\/wp\/v2\/users\/1"}],"replies":[{"embeddable":true,"href":"https:\/\/javierfsebastian.es\/index.php?rest_route=%2Fwp%2Fv2%2Fcomments&post=34"}],"version-history":[{"count":6,"href":"https:\/\/javierfsebastian.es\/index.php?rest_route=\/wp\/v2\/pages\/34\/revisions"}],"predecessor-version":[{"id":464,"href":"https:\/\/javierfsebastian.es\/index.php?rest_route=\/wp\/v2\/pages\/34\/revisions\/464"}],"wp:attachment":[{"href":"https:\/\/javierfsebastian.es\/index.php?rest_route=%2Fwp%2Fv2%2Fmedia&parent=34"}],"curies":[{"name":"wp","href":"https:\/\/api.w.org\/{rel}","templated":true}]}}