{"id":48,"date":"2023-06-26T12:39:19","date_gmt":"2023-06-26T12:39:19","guid":{"rendered":"https:\/\/javierfsebastian.es\/?page_id=48"},"modified":"2023-06-27T02:05:51","modified_gmt":"2023-06-27T02:05:51","slug":"grupos-de-investigacion","status":"publish","type":"page","link":"https:\/\/javierfsebastian.es\/?page_id=48","title":{"rendered":"INVESTIGACI\u00d3N"},"content":{"rendered":"\n<h3 class=\"wp-block-heading has-text-align-center has-white-color has-cyan-bluish-gray-background-color has-text-color has-background has-medium-font-size\">Historia intelectual de la pol\u00edtica moderna (Grupo Consolidado de Investigaci\u00f3n del Sistema Universitario Vasco: IT-1663-22)<\/h3>\n\n\n\n<p style=\"font-size:16px\"><strong>Entidad\/es financiadora\/s:<\/strong>\u00a0Departamento de Educaci\u00f3n, Universidades e Investigaci\u00f3n (Gobierno Vasco)<br><strong>Duraci\u00f3n:<\/strong>\u00a0desde 2022 hasta 2025<br><strong>Investigador responsable (y entidad a la que pertenece):<\/strong>\u00a0Javier Tajadura Tejada, UPV-EHU<br><strong>Tipo de participaci\u00f3n en el proyecto:<\/strong>\u00a0Director <br><strong>N\u00famero de investigadores participantes (y n\u00ba de investigadores de la UPV\/EHU):<\/strong>\u00a034\/8<\/p>\n\n\n\n<hr class=\"wp-block-separator aligncenter has-text-color has-black-color has-alpha-channel-opacity has-black-background-color has-background is-style-wide\"\/>\n\n\n\n<h3 class=\"wp-block-heading has-text-align-center has-white-color has-cyan-bluish-gray-background-color has-text-color has-background has-medium-font-size\">Historia conceptual, constitucionalismo y modernidad en Espa\u00f1a, en Europa y en el Mundo Iberoamericano. Una aproximaci\u00f3n pluridisciplinar (n\u00famero de referencia HAR2013-42779-P)<\/h3>\n\n\n\n<p style=\"font-size:16px\"><strong>Entidad\/es financiadora\/s:<\/strong>&nbsp;Ministerio de Econom\u00eda y Competitividad (Mineco)<br><strong>Entidades participantes:<\/strong>&nbsp;Otras universidades de Espa\u00f1a, Europa, Estados Unidos y Am\u00e9rica Latina<br><strong>Duraci\u00f3n:<\/strong>&nbsp;desde 2015 hasta 2017<br><strong>Investigador responsable (y entidad a la que pertenece):<\/strong>&nbsp;Javier Fern\u00e1ndez Sebasti\u00e1n y Javier Tajadura Tejada, UPV-EHU<br><strong>Tipo de participaci\u00f3n en el proyecto:<\/strong>&nbsp;Direcci\u00f3n<br><strong>N\u00famero de investigadores participantes (y n\u00ba de investigadores de la UPV\/EHU):<\/strong>&nbsp;42\/11<\/p>\n\n\n\n<hr class=\"wp-block-separator aligncenter has-text-color has-black-color has-alpha-channel-opacity has-black-background-color has-background is-style-wide\"\/>\n\n\n\n<h3 class=\"wp-block-heading has-text-align-center has-white-color has-cyan-bluish-gray-background-color has-text-color has-background has-medium-font-size\">Historia intelectual de la pol\u00edtica moderna (Grupo Consolidado de Investigaci\u00f3n del Sistema Universitario Vasco: IT-615-13)<\/h3>\n\n\n\n<p style=\"font-size:16px\"><strong>Entidad\/es financiadora\/s:<\/strong>&nbsp;Departamento de Educaci\u00f3n, Universidades e Investigaci\u00f3n (Gobierno Vasco)<br><strong>Duraci\u00f3n:<\/strong>&nbsp;desde 2013 hasta 2018<br><strong>Investigador responsable (y entidad a la que pertenece):<\/strong>&nbsp;Javier Fern\u00e1ndez Sebasti\u00e1n, UPV-EHU<br><strong>Tipo de participaci\u00f3n en el proyecto:<\/strong>&nbsp;Director e investigador principal<br><strong>N\u00famero de investigadores participantes (y n\u00ba de investigadores de la UPV\/EHU):<\/strong>&nbsp;34\/10<\/p>\n\n\n\n<hr class=\"wp-block-separator aligncenter has-text-color has-black-color has-alpha-channel-opacity has-black-background-color has-background is-style-wide\"\/>\n\n\n\n<h3 class=\"wp-block-heading has-text-align-center has-white-color has-cyan-bluish-gray-background-color has-text-color has-background has-medium-font-size\">Historia conceptual, constitucionalismo y modernidad en el mundo iberoamericano. Lenguajes y conceptos pol\u00edtico-jur\u00eddicos fundamentales (ref\u00ba: HAR2010-16095, subprograma HIST)<\/h3>\n\n\n\n<p style=\"font-size:16px\"><strong>Entidad\/es financiadora\/s:<\/strong>&nbsp;Ministerio de Ciencia e Innovaci\u00f3n<br><strong>Entidades participantes:<\/strong>&nbsp;Otras universidades de Espa\u00f1a, Europa, Estados Unidos y Am\u00e9rica Latina<br><strong>Duraci\u00f3n:<\/strong>&nbsp;Desde 2011 hasta 2013<br><strong>Investigador responsable (y entidad a la que pertenece):<\/strong>&nbsp;Javier Fern\u00e1ndez Sebasti\u00e1n, UPV-EHU<br><strong>Tipo de participaci\u00f3n en el proyecto:<\/strong>&nbsp;Direcci\u00f3n<br><strong>N\u00famero de investigadores participantes (y n\u00ba de investigadores de la UPV\/EHU):<\/strong>&nbsp;26\/11<\/p>\n\n\n\n<hr class=\"wp-block-separator aligncenter has-text-color has-black-color has-alpha-channel-opacity has-black-background-color has-background is-style-wide\"\/>\n\n\n\n<h3 class=\"wp-block-heading has-text-align-center has-white-color has-cyan-bluish-gray-background-color has-text-color has-background has-medium-font-size\">Aproximaci\u00f3n interdisciplinar a los lenguajes jur\u00eddico-pol\u00edticos de la modernidad euroamericana. Dimensiones espacio-temporales (referencia:: HAR2017-84032-P)<\/h3>\n\n\n\n<p style=\"font-size:16px\"><strong>Entidad\/es financiadora\/s:<\/strong>&nbsp;Ministerio de Econom\u00eda y Competitividad (Mineco)<br><strong>Entidades participantes:<\/strong>&nbsp;varias otras universidades de Espa\u00f1a, Europa y Am\u00e9rica Latina<br><strong>Duraci\u00f3n:<\/strong>&nbsp;desde: 01\/01\/2018 hasta: 30\/09\/2022<br><strong>Investigadores responsables (y entidad a la que pertenece):<\/strong>&nbsp;Javier Fern\u00e1ndez Sebasti\u00e1n y Javier Tajadura Tejada, UPV\/EHU<br><strong>Tipo de participaci\u00f3n en el proyecto (direcci\u00f3n, miembro del equipo investigador, personal contratado, beca, otros \u2013especificar-):<\/strong>&nbsp;Direcci\u00f3n<br><strong>N\u00famero de investigadores participantes (y n\u00ba de investigadores de la UPV\/EHU):<\/strong>&nbsp;22\/8<\/p>\n\n\n\n<hr class=\"wp-block-separator aligncenter has-text-color has-black-color has-alpha-channel-opacity has-black-background-color has-background is-style-wide\"\/>\n\n\n\n<h3 class=\"wp-block-heading has-text-align-center has-white-color has-cyan-bluish-gray-background-color has-text-color has-background has-medium-font-size\">Historia intelectual de la pol\u00edtica moderna (Grupo Consolidado de Investigaci\u00f3n del Sistema Universitario Vasco: IT-384-07)<\/h3>\n\n\n\n<p style=\"font-size:16px\"><strong>Entidad\/es financiadora\/s:<\/strong>&nbsp;Departamento de Educaci\u00f3n, Universidades e Investigaci\u00f3n (Gobierno Vasco)<br><strong>Duraci\u00f3n:<\/strong>&nbsp;Desde 2007 hasta 2012<br><strong>Investigador responsable (y entidad a la que pertenece):<\/strong>&nbsp;Javier Fern\u00e1ndez Sebasti\u00e1n, UPV-EHU<br><strong>Tipo de participaci\u00f3n en el proyecto:<\/strong>&nbsp;Director e investigador principal<br><strong>N\u00famero de investigadores participantes (y n\u00ba de investigadores de la UPV\/EHU):<\/strong>&nbsp;34\/10<\/p>\n\n\n\n<hr class=\"wp-block-separator aligncenter has-text-color has-black-color has-alpha-channel-opacity has-black-background-color has-background is-style-wide\"\/>\n\n\n\n<h3 class=\"wp-block-heading has-text-align-center has-white-color has-cyan-bluish-gray-background-color has-text-color has-background has-medium-font-size\">Lenguajes y conceptos pol\u00edticos de la modernidad (GIU05\/35)<\/h3>\n\n\n\n<p style=\"font-size:16px\"><strong>Entidad\/es financiadora\/s:<\/strong>&nbsp;UPV\/EHU<br><strong>Duraci\u00f3n:<\/strong>&nbsp;Desde 12-12-2005 hasta 12-12-2008<br><strong>Investigador responsable (y entidad a la que pertenece):<\/strong>&nbsp;Javier Fern\u00e1ndez Sebasti\u00e1n, UPV\/EHU<br><strong>Tipo de participaci\u00f3n en el proyecto:<\/strong>&nbsp;Direcci\u00f3n<br><strong>N\u00famero de investigadores participantes (y n\u00ba de investigadores de la UPV\/EHU):<\/strong>&nbsp;6\/6<br><strong>Importe total de la subvenci\u00f3n:<\/strong>&nbsp;64.800 \u20ac<\/p>\n\n\n\n<hr class=\"wp-block-separator aligncenter has-text-color has-black-color has-alpha-channel-opacity has-black-background-color has-background is-style-wide\"\/>\n\n\n\n<h3 class=\"wp-block-heading has-text-align-center has-white-color has-cyan-bluish-gray-background-color has-text-color has-background has-medium-font-size\">El mundo atl\u00e1ntico como laboratorio conceptual (1750-1850). Hacia un Diccionario hist\u00f3rico del lenguaje pol\u00edtico y social en Iberoam\u00e9rica (Iberconceptos)<\/h3>\n\n\n\n<p style=\"font-size:16px\"><strong>Entidad\/es financiadora\/s:<\/strong>&nbsp;Programa de Universidades del Grupo Santander, a trav\u00e9s de dos convenios con la UPV-EHU (Euskoiker y la OTRI)<br><strong>Entidades participantes:<\/strong>&nbsp;Ministerio de Cultura, Fundaci\u00f3n Carolina, Fundaci\u00f3n Mapfre, Sociedad Estatal de Conmemoraciones Culturales<br><strong>Duraci\u00f3n:<\/strong>&nbsp;Desde 13-12-2004 hasta 31-12-2007<br><strong>Investigador responsable (y entidad a la que pertenece):<\/strong>&nbsp;Javier Fern\u00e1ndez Sebasti\u00e1n, UPV-EHU<br><strong>Tipo de participaci\u00f3n en el proyecto:<\/strong>&nbsp;Director<br><strong>N\u00famero de investigadores participantes (y n\u00ba de investigadores de la UPV\/EHU):<\/strong>&nbsp;70\/6 (investigadores adscritos a universidades y centros de investigaci\u00f3n de primer nivel de los siguientes pa\u00edses: Argentina, Alemania, Brasil, Chile, Colombia, Espa\u00f1a, Estados Unidos, Francia, M\u00e9xico, Per\u00fa, Portugal y Venezuela).<\/p>\n\n\n\n<hr class=\"wp-block-separator aligncenter has-text-color has-black-color has-alpha-channel-opacity has-black-background-color has-background is-style-wide\"\/>\n\n\n\n<h3 class=\"wp-block-heading has-text-align-center has-white-color has-cyan-bluish-gray-background-color has-text-color has-background has-medium-font-size\">The Politics and History of European Democratization<\/h3>\n\n\n\n<p style=\"font-size:16px\"><strong>Entidad\/es financiadora\/s:<\/strong>&nbsp;European Science Foundation (Uni\u00f3n Europea)<br><strong>Duraci\u00f3n:<\/strong>&nbsp;Desde 2002 hasta 2007<br><strong>Investigador responsable (y entidad a la que pertenece):<\/strong>&nbsp;Kari Palonen, Universidad de Jyv\u00e4skyl\u00e4 (Finlandia)<br><strong>Tipo de participaci\u00f3n en el proyecto:<\/strong>&nbsp;Colaborador externo, y participante en workshops<br><strong>N\u00famero de investigadores participantes (y n\u00ba de investigadores de la UPV\/EHU):<\/strong>&nbsp;16\/1<\/p>\n\n\n\n<hr class=\"wp-block-separator aligncenter has-text-color has-black-color has-alpha-channel-opacity has-black-background-color has-background is-style-wide\"\/>\n\n\n\n<h3 class=\"wp-block-heading has-text-align-center has-white-color has-cyan-bluish-gray-background-color has-text-color has-background has-medium-font-size\">Democracia, nacionalismo y sociedad civil<\/h3>\n\n\n\n<p style=\"font-size:16px\"><strong>Entidad\/es financiadora\/s:<\/strong>&nbsp;Ministerio de Ciencia y Tecnolog\u00eda (Secretar\u00eda de Estado de Pol\u00edtica Cient\u00edfica y Tecnol\u00f3gica)<br><strong>Duraci\u00f3n:<\/strong>&nbsp;Desde 2002 hasta 2005<br><strong>Investigador responsable (y entidad a la que pertenece):<\/strong>&nbsp;Jos\u00e9 Mar\u00eda Rosales Jaime, Universidad de M\u00e1laga<br><strong>Tipo de participaci\u00f3n en el proyecto:<\/strong>&nbsp;Miembro del equipo investigador<br><strong>N\u00famero de investigadores participantes (y n\u00ba de investigadores de la UPV\/EHU):<\/strong>&nbsp;5\/1<\/p>\n\n\n\n<hr class=\"wp-block-separator aligncenter has-text-color has-black-color has-alpha-channel-opacity has-black-background-color has-background is-style-wide\"\/>\n\n\n\n<h3 class=\"wp-block-heading has-text-align-center has-white-color has-cyan-bluish-gray-background-color has-text-color has-background has-medium-font-size\">La opini\u00f3n p\u00fablica conquista Europa. Ascenso, triunfo y declive de un concepto nodal del liberalismo, 1750-1850<\/h3>\n\n\n\n<p style=\"font-size:16px\"><strong>Entidad\/es financiadora\/s:<\/strong>&nbsp;UPV-EHU<br><strong>Duraci\u00f3n:<\/strong>&nbsp;Desde 29-11-2001 hasta 28-11-2003<br><strong>Investigador responsable (y entidad a la que pertenece):<\/strong>&nbsp;Javier Fern\u00e1ndez Sebasti\u00e1n, UPV-EHU<br><strong>Tipo de participaci\u00f3n en el proyecto:<\/strong>&nbsp;Director<br><strong>N\u00famero de investigadores participantes (y n\u00ba de investigadores de la UPV\/EHU):<\/strong>&nbsp;8\/8<\/p>\n\n\n\n<hr class=\"wp-block-separator aligncenter has-text-color has-black-color has-alpha-channel-opacity has-black-background-color has-background is-style-wide\"\/>\n\n\n\n<h3 class=\"wp-block-heading has-text-align-center has-white-color has-cyan-bluish-gray-background-color has-text-color has-background has-medium-font-size\">Iberconceptos II (El mundo atl\u00e1ntico como laboratorio conceptual. Hacia un Diccionario hist\u00f3rico del lenguaje pol\u00edtico y social en Iberoam\u00e9rica)<\/h3>\n\n\n\n<p style=\"font-size:16px\"><strong>Entidad\/es financiadora\/s:<\/strong>&nbsp;Programa de Universidades del Grupo Santander, a trav\u00e9s de un convenio con la UPV-EHU<br><strong>Duraci\u00f3n:<\/strong>&nbsp;Desde 01-01-2000 hasta 31-12-2012<br><strong>Investigador responsable (y entidad a la que pertenece):<\/strong>&nbsp;Javier Fern\u00e1ndez Sebasti\u00e1n, UPV-EHU<br><strong>Tipo de participaci\u00f3n en el proyecto:<\/strong>&nbsp;Director<br><strong>N\u00famero de investigadores participantes (y n\u00ba de investigadores de la UPV\/EHU):<\/strong>&nbsp;98\/6 (investigadores adscritos a universidades y centros de investigaci\u00f3n de primer nivel de los siguientes pa\u00edses: Argentina, Alemania, Brasil, Chile, Colombia, Espa\u00f1a, Estados Unidos, Francia, M\u00e9xico, Per\u00fa, Portugal y Venezuela).<\/p>\n\n\n\n<hr class=\"wp-block-separator aligncenter has-text-color has-black-color has-alpha-channel-opacity has-black-background-color has-background is-style-wide\"\/>\n\n\n\n<h3 class=\"wp-block-heading has-text-align-center has-white-color has-cyan-bluish-gray-background-color has-text-color has-background has-medium-font-size\">Sociabilidades pol\u00edticas en la Espa\u00f1a liberal (1808-1874). Aproximaci\u00f3n a la g\u00e9nesis de los partidos pol\u00edticos<\/h3>\n\n\n\n<p style=\"font-size:16px\"><strong>Entidad\/es financiadora\/s:<\/strong>&nbsp;UPV-EHU<br><strong>Duraci\u00f3n:<\/strong>&nbsp;Desde 15\/12\/1998 hasta 15\/12\/1999<br><strong>Investigador responsable (y entidad a la que pertenece):<\/strong>&nbsp;Javier Fern\u00e1ndez Sebasti\u00e1n, UPV-EHU<br><strong>Tipo de participaci\u00f3n en el proyecto:<\/strong>&nbsp;Director<br><strong>N\u00famero de investigadores participantes (y n\u00ba de investigadores de la UPV\/EHU):<\/strong>&nbsp;5\/5<\/p>\n","protected":false},"excerpt":{"rendered":"<p>Historia intelectual de la pol\u00edtica moderna (Grupo Consolidado de Investigaci\u00f3n del Sistema Universitario Vasco: IT-1663-22) Entidad\/es financiadora\/s:\u00a0Departamento de Educaci\u00f3n, Universidades e Investigaci\u00f3n (Gobierno Vasco)Duraci\u00f3n:\u00a0desde 2022 hasta 2025Investigador responsable (y entidad&#8230;<\/p>\n","protected":false},"author":1,"featured_media":0,"parent":0,"menu_order":0,"comment_status":"closed","ping_status":"closed","template":"","meta":[],"_links":{"self":[{"href":"https:\/\/javierfsebastian.es\/index.php?rest_route=\/wp\/v2\/pages\/48"}],"collection":[{"href":"https:\/\/javierfsebastian.es\/index.php?rest_route=\/wp\/v2\/pages"}],"about":[{"href":"https:\/\/javierfsebastian.es\/index.php?rest_route=\/wp\/v2\/types\/page"}],"author":[{"embeddable":true,"href":"https:\/\/javierfsebastian.es\/index.php?rest_route=\/wp\/v2\/users\/1"}],"replies":[{"embeddable":true,"href":"https:\/\/javierfsebastian.es\/index.php?rest_route=%2Fwp%2Fv2%2Fcomments&post=48"}],"version-history":[{"count":12,"href":"https:\/\/javierfsebastian.es\/index.php?rest_route=\/wp\/v2\/pages\/48\/revisions"}],"predecessor-version":[{"id":352,"href":"https:\/\/javierfsebastian.es\/index.php?rest_route=\/wp\/v2\/pages\/48\/revisions\/352"}],"wp:attachment":[{"href":"https:\/\/javierfsebastian.es\/index.php?rest_route=%2Fwp%2Fv2%2Fmedia&parent=48"}],"curies":[{"name":"wp","href":"https:\/\/api.w.org\/{rel}","templated":true}]}}